{"id":9315,"date":"2025-06-05T22:49:06","date_gmt":"2025-06-06T01:49:06","guid":{"rendered":"https:\/\/agenciavicco.com.br\/Loja2\/?post_type=product&#038;p=9315"},"modified":"2025-06-16T10:08:43","modified_gmt":"2025-06-16T13:08:43","slug":"ora-pro-nobis","status":"publish","type":"product","link":"https:\/\/agenciavicco.com.br\/Loja2\/produto\/ora-pro-nobis\/","title":{"rendered":"Ora-Pro-N\u00f3bis"},"content":{"rendered":"\t\t<div data-elementor-type=\"wp-post\" data-elementor-id=\"9315\" class=\"elementor elementor-9315\" data-elementor-post-type=\"product\">\n\t\t\t\t<div class=\"elementor-element elementor-element-0ab6cce e-flex e-con-boxed e-con e-parent\" data-id=\"0ab6cce\" data-element_type=\"container\" data-e-type=\"container\">\n\t\t\t\t\t<div class=\"e-con-inner\">\n\t\t\t\t<div class=\"elementor-element elementor-element-88fd8b2 elementor-widget elementor-widget-heading\" data-id=\"88fd8b2\" data-element_type=\"widget\" data-e-type=\"widget\" data-widget_type=\"heading.default\">\n\t\t\t\t<div class=\"elementor-widget-container\">\n\t\t\t\t\t<h3 class=\"elementor-heading-title elementor-size-default\">Ora-Pro-N\u00f3bis<\/h3>\t\t\t\t<\/div>\n\t\t\t\t<\/div>\n\t\t\t\t<div class=\"elementor-element elementor-element-55c5e22 elementor-widget elementor-widget-heading\" data-id=\"55c5e22\" data-element_type=\"widget\" data-e-type=\"widget\" data-widget_type=\"heading.default\">\n\t\t\t\t<div class=\"elementor-widget-container\">\n\t\t\t\t\t<p class=\"elementor-heading-title elementor-size-default\">Fortalecimento e Equil\u00edbrio<\/p>\t\t\t\t<\/div>\n\t\t\t\t<\/div>\n\t\t\t\t\t<\/div>\n\t\t\t\t<\/div>\n\t\t<div class=\"elementor-element elementor-element-e3cca7b e-con-full tb-width-plus-40 e-flex e-con e-parent\" data-id=\"e3cca7b\" data-element_type=\"container\" data-e-type=\"container\">\n\t\t<div class=\"elementor-element elementor-element-9f12bf1 e-con-full e-flex e-con e-child\" data-id=\"9f12bf1\" data-element_type=\"container\" data-e-type=\"container\">\n\t\t\t\t<div class=\"elementor-element elementor-element-9b37f8c elementor-widget elementor-widget-text-editor\" data-id=\"9b37f8c\" data-element_type=\"widget\" data-e-type=\"widget\" data-widget_type=\"text-editor.default\">\n\t\t\t\t<div class=\"elementor-widget-container\">\n\t\t\t\t\t\t\t\t\tO Ora-Pro-N\u00f3bis \u00e9 um dos nossos produtos naturais mais procurados, feito a partir de uma planta rica em ferro, prote\u00ednas, c\u00e1lcio, zinco e vitaminas.\nEle ajuda a fortalecer o corpo, equilibrar a alimenta\u00e7\u00e3o e cuidar da sa\u00fade de forma pr\u00e1tica.\t\t\t\t\t\t\t\t<\/div>\n\t\t\t\t<\/div>\n\t\t\t\t<\/div>\n\t\t\t\t<\/div>\n\t\t<div class=\"elementor-element elementor-element-5d1774e e-flex e-con-boxed e-con e-parent\" data-id=\"5d1774e\" data-element_type=\"container\" data-e-type=\"container\">\n\t\t\t\t\t<div class=\"e-con-inner\">\n\t\t\t\t<div class=\"elementor-element elementor-element-ef63165 elementor-widget elementor-widget-heading\" data-id=\"ef63165\" data-element_type=\"widget\" data-e-type=\"widget\" data-widget_type=\"heading.default\">\n\t\t\t\t<div class=\"elementor-widget-container\">\n\t\t\t\t\t<h3 class=\"elementor-heading-title elementor-size-default\">Compre Mais e Pague Menos<\/h3>\t\t\t\t<\/div>\n\t\t\t\t<\/div>\n\t\t\t\t<div class=\"elementor-element elementor-element-25c4fb2 elementor-widget elementor-widget-heading\" data-id=\"25c4fb2\" data-element_type=\"widget\" data-e-type=\"widget\" data-widget_type=\"heading.default\">\n\t\t\t\t<div class=\"elementor-widget-container\">\n\t\t\t\t\t<p class=\"elementor-heading-title elementor-size-default\">Conhe\u00e7a nossos Kits de Suplementos<\/p>\t\t\t\t<\/div>\n\t\t\t\t<\/div>\n\t\t\t\t<div class=\"elementor-element elementor-element-d42ef43 elementor-grid-4 elementor-grid-tablet-3 elementor-grid-mobile-2 elementor-products-grid elementor-wc-products elementor-widget elementor-widget-woocommerce-products\" data-id=\"d42ef43\" data-element_type=\"widget\" data-e-type=\"widget\" data-widget_type=\"woocommerce-products.default\">\n\t\t\t\t<div class=\"elementor-widget-container\">\n\t\t\t\t\t<div class=\"woocommerce columns-4 \"><div class=\"products row list-product-archive products-grid clearfix\">\t<div class=\"col-md-4 col-sm-4 col-xs-6 col-lg-3 product type-product post-9474 status-publish first instock product_cat-kit-3-unidades product_cat-kits has-post-thumbnail featured shipping-taxable purchasable product-type-simple\">\r\n\t\t<div class=\"product-block  grid\" data-product-id=\"9474\">\r\n    <div class=\"grid-inner\">\r\n                <div class=\"block-inner\">\r\n            <figure class=\"image product-image\">\r\n                        <a title=\"Ora-Pro-N\u00f3bis-3unidades\" href=\"https:\/\/agenciavicco.com.br\/Loja2\/produto\/ora-pro-nobis-3-unidades\/\" class=\"product-image\">\r\n            <img fetchpriority=\"high\" decoding=\"async\" width=\"480\" height=\"638\" src=\"data:image\/svg+xml;charset=utf-8,%3Csvg xmlns%3D&#039;http%3A%2F%2Fwww.w3.org%2F2000%2Fsvg&#039; viewBox%3D&#039;0 0 480 638&#039;%2F%3E\" class=\"attachment-woocommerce_thumbnail size-woocommerce_thumbnail image-no-effect unveil-image\" alt=\"\" data-src=\"https:\/\/agenciavicco.com.br\/Loja2\/wp-content\/uploads\/2025\/06\/ora3-480x638.jpg\" \/>        <\/a>\r\n        \r\n                            <\/figure>\r\n            <div class=\"clearfix swatches_list\">\r\n                             <\/div>\r\n            <div class=\"groups-button clearfix\">\r\n                <div class=\"groups-button-inner\">\r\n                                                                            <\/div>\r\n            <\/div>\r\n        <\/div>\r\n        <div class=\"metas clearfix\">\r\n            <div class=\"title-wrapper\">\r\n                <div class=\"clearfix\">\r\n                                        <h3 class=\"name\"><a href=\"https:\/\/agenciavicco.com.br\/Loja2\/produto\/ora-pro-nobis-3-unidades\/\">Ora-Pro-N\u00f3bis-3unidades<\/a><\/h3>\r\n                                        \n\t<span class=\"price\"><span class=\"woocommerce-Price-amount amount\"><bdi><span class=\"woocommerce-Price-currencySymbol\">&#82;&#36;<\/span>897,00<\/bdi><\/span><\/span>\n    \r\n                <\/div>\r\n               \r\n            <\/div>\r\n            <div class=\"add-cart\"><a href=\"\/Loja2\/wp-json\/wp\/v2\/product\/9315?add-to-cart=9474\" rel=\"nofollow\" data-product_id=\"9474\" data-product_sku=\"\" data-quantity=\"1\" class=\"button product_type_simple add_to_cart_button ajax_add_to_cart product_type_simple\">Adicionar ao carrinho<\/a><\/div>        <\/div>\r\n    <\/div>\r\n<\/div>\t<\/div>\r\n\t<div class=\"col-md-4 col-sm-4 col-xs-6 col-lg-3 product type-product post-9482 status-publish instock product_cat-kit-6-unidades product_cat-kits has-post-thumbnail featured shipping-taxable purchasable product-type-simple\">\r\n\t\t<div class=\"product-block  grid\" data-product-id=\"9482\">\r\n    <div class=\"grid-inner\">\r\n                <div class=\"block-inner\">\r\n            <figure class=\"image product-image\">\r\n                        <a title=\"Ora-Pro-N\u00f3bis-6unidades\" href=\"https:\/\/agenciavicco.com.br\/Loja2\/produto\/ora-pro-nobis-6-unidades\/\" class=\"product-image\">\r\n            <img decoding=\"async\" width=\"480\" height=\"638\" src=\"data:image\/svg+xml;charset=utf-8,%3Csvg xmlns%3D&#039;http%3A%2F%2Fwww.w3.org%2F2000%2Fsvg&#039; viewBox%3D&#039;0 0 480 638&#039;%2F%3E\" class=\"attachment-woocommerce_thumbnail size-woocommerce_thumbnail image-no-effect unveil-image\" alt=\"\" data-src=\"https:\/\/agenciavicco.com.br\/Loja2\/wp-content\/uploads\/2025\/06\/ora6-480x638.jpg\" \/>        <\/a>\r\n        \r\n                            <\/figure>\r\n            <div class=\"clearfix swatches_list\">\r\n                             <\/div>\r\n            <div class=\"groups-button clearfix\">\r\n                <div class=\"groups-button-inner\">\r\n                                                                            <\/div>\r\n            <\/div>\r\n        <\/div>\r\n        <div class=\"metas clearfix\">\r\n            <div class=\"title-wrapper\">\r\n                <div class=\"clearfix\">\r\n                                        <h3 class=\"name\"><a href=\"https:\/\/agenciavicco.com.br\/Loja2\/produto\/ora-pro-nobis-6-unidades\/\">Ora-Pro-N\u00f3bis-6unidades<\/a><\/h3>\r\n                                        \n\t<span class=\"price\"><span class=\"woocommerce-Price-amount amount\"><bdi><span class=\"woocommerce-Price-currencySymbol\">&#82;&#36;<\/span>1.194,00<\/bdi><\/span><\/span>\n    \r\n                <\/div>\r\n               \r\n            <\/div>\r\n            <div class=\"add-cart\"><a href=\"\/Loja2\/wp-json\/wp\/v2\/product\/9315?add-to-cart=9482\" rel=\"nofollow\" data-product_id=\"9482\" data-product_sku=\"\" data-quantity=\"1\" class=\"button product_type_simple add_to_cart_button ajax_add_to_cart product_type_simple\">Adicionar ao carrinho<\/a><\/div>        <\/div>\r\n    <\/div>\r\n<\/div>\t<\/div>\r\n<\/div><\/div>\t\t\t\t<\/div>\n\t\t\t\t<\/div>\n\t\t\t\t\t<\/div>\n\t\t\t\t<\/div>\n\t\t\t\t<\/div>\n\t\t","protected":false},"excerpt":{"rendered":"<p>O Ora-Pro-N\u00f3bis \u00e9 um dos nossos produtos naturais mais procurados, feito a partir de uma planta rica em ferro, prote\u00ednas, c\u00e1lcio, zinco e vitaminas.<br \/>\nEle ajuda a fortalecer o corpo, equilibrar a alimenta\u00e7\u00e3o e cuidar da sa\u00fade de forma pr\u00e1tica.<\/p>\n<p>Promo\u00e7\u00e3o Especial Ora-Pro-N\u00f3bis!<br \/>\nAproveite os benef\u00edcios desse superalimento com ofertas exclusivas:<\/p>\n<p>1 UNIDADE<\/p>\n","protected":false},"featured_media":9735,"comment_status":"open","ping_status":"closed","template":"","meta":[],"product_brand":[],"product_cat":[15],"product_tag":[],"class_list":{"0":"post-9315","1":"product","2":"type-product","3":"status-publish","4":"has-post-thumbnail","6":"product_cat-suplementos","8":"first","9":"instock","10":"featured","11":"shipping-taxable","12":"purchasable","13":"product-type-simple"},"yoast_head":"<!-- This site is optimized with the Yoast SEO plugin v27.2 - https:\/\/yoast.com\/product\/yoast-seo-wordpress\/ -->\n<title>Ora-Pro-N\u00f3bis - Lirius<\/title>\n<meta name=\"robots\" content=\"index, follow, max-snippet:-1, max-image-preview:large, max-video-preview:-1\" \/>\n<link rel=\"canonical\" href=\"https:\/\/agenciavicco.com.br\/Loja2\/produto\/ora-pro-nobis\/\" \/>\n<meta property=\"og:locale\" content=\"pt_BR\" \/>\n<meta property=\"og:type\" content=\"article\" \/>\n<meta property=\"og:title\" content=\"Ora-Pro-N\u00f3bis - Lirius\" \/>\n<meta property=\"og:description\" content=\"O Ora-Pro-N\u00f3bis \u00e9 um dos nossos produtos naturais mais procurados, feito a partir de uma planta rica em ferro, prote\u00ednas, c\u00e1lcio, zinco e vitaminas. Ele ajuda a fortalecer o corpo, equilibrar a alimenta\u00e7\u00e3o e cuidar da sa\u00fade de forma pr\u00e1tica.  Promo\u00e7\u00e3o Especial Ora-Pro-N\u00f3bis! Aproveite os benef\u00edcios desse superalimento com ofertas exclusivas:  1 UNIDADE\" \/>\n<meta property=\"og:url\" content=\"https:\/\/agenciavicco.com.br\/Loja2\/produto\/ora-pro-nobis\/\" \/>\n<meta property=\"og:site_name\" content=\"Lirius\" \/>\n<meta property=\"article:modified_time\" content=\"2025-06-16T13:08:43+00:00\" \/>\n<meta property=\"og:image\" content=\"https:\/\/agenciavicco.com.br\/Loja2\/wp-content\/uploads\/2025\/06\/ora1.jpg\" \/>\n\t<meta property=\"og:image:width\" content=\"1184\" \/>\n\t<meta property=\"og:image:height\" content=\"1350\" \/>\n\t<meta property=\"og:image:type\" content=\"image\/jpeg\" \/>\n<meta name=\"twitter:card\" content=\"summary_large_image\" \/>\n<meta name=\"twitter:label1\" content=\"Est. tempo de leitura\" \/>\n\t<meta name=\"twitter:data1\" content=\"1 minuto\" \/>\n<script type=\"application\/ld+json\" class=\"yoast-schema-graph\">{\"@context\":\"https:\/\/schema.org\",\"@graph\":[{\"@type\":\"WebPage\",\"@id\":\"https:\/\/agenciavicco.com.br\/Loja2\/produto\/ora-pro-nobis\/\",\"url\":\"https:\/\/agenciavicco.com.br\/Loja2\/produto\/ora-pro-nobis\/\",\"name\":\"Ora-Pro-N\u00f3bis - Lirius\",\"isPartOf\":{\"@id\":\"https:\/\/agenciavicco.com.br\/Loja2\/#website\"},\"primaryImageOfPage\":{\"@id\":\"https:\/\/agenciavicco.com.br\/Loja2\/produto\/ora-pro-nobis\/#primaryimage\"},\"image\":{\"@id\":\"https:\/\/agenciavicco.com.br\/Loja2\/produto\/ora-pro-nobis\/#primaryimage\"},\"thumbnailUrl\":\"https:\/\/agenciavicco.com.br\/Loja2\/wp-content\/uploads\/2025\/06\/ora1.jpg\",\"datePublished\":\"2025-06-06T01:49:06+00:00\",\"dateModified\":\"2025-06-16T13:08:43+00:00\",\"breadcrumb\":{\"@id\":\"https:\/\/agenciavicco.com.br\/Loja2\/produto\/ora-pro-nobis\/#breadcrumb\"},\"inLanguage\":\"pt-BR\",\"potentialAction\":[{\"@type\":\"ReadAction\",\"target\":[\"https:\/\/agenciavicco.com.br\/Loja2\/produto\/ora-pro-nobis\/\"]}]},{\"@type\":\"ImageObject\",\"inLanguage\":\"pt-BR\",\"@id\":\"https:\/\/agenciavicco.com.br\/Loja2\/produto\/ora-pro-nobis\/#primaryimage\",\"url\":\"https:\/\/agenciavicco.com.br\/Loja2\/wp-content\/uploads\/2025\/06\/ora1.jpg\",\"contentUrl\":\"https:\/\/agenciavicco.com.br\/Loja2\/wp-content\/uploads\/2025\/06\/ora1.jpg\",\"width\":1184,\"height\":1350},{\"@type\":\"BreadcrumbList\",\"@id\":\"https:\/\/agenciavicco.com.br\/Loja2\/produto\/ora-pro-nobis\/#breadcrumb\",\"itemListElement\":[{\"@type\":\"ListItem\",\"position\":1,\"name\":\"In\u00edcio\",\"item\":\"https:\/\/agenciavicco.com.br\/Loja2\/\"},{\"@type\":\"ListItem\",\"position\":2,\"name\":\"Loja\",\"item\":\"https:\/\/agenciavicco.com.br\/Loja2\/loja\/\"},{\"@type\":\"ListItem\",\"position\":3,\"name\":\"Ora-Pro-N\u00f3bis\"}]},{\"@type\":\"WebSite\",\"@id\":\"https:\/\/agenciavicco.com.br\/Loja2\/#website\",\"url\":\"https:\/\/agenciavicco.com.br\/Loja2\/\",\"name\":\"Lirius\",\"description\":\"Suplementos\",\"potentialAction\":[{\"@type\":\"SearchAction\",\"target\":{\"@type\":\"EntryPoint\",\"urlTemplate\":\"https:\/\/agenciavicco.com.br\/Loja2\/?s={search_term_string}\"},\"query-input\":{\"@type\":\"PropertyValueSpecification\",\"valueRequired\":true,\"valueName\":\"search_term_string\"}}],\"inLanguage\":\"pt-BR\"}]}<\/script>\n<!-- \/ Yoast SEO plugin. -->","yoast_head_json":{"title":"Ora-Pro-N\u00f3bis - Lirius","robots":{"index":"index","follow":"follow","max-snippet":"max-snippet:-1","max-image-preview":"max-image-preview:large","max-video-preview":"max-video-preview:-1"},"canonical":"https:\/\/agenciavicco.com.br\/Loja2\/produto\/ora-pro-nobis\/","og_locale":"pt_BR","og_type":"article","og_title":"Ora-Pro-N\u00f3bis - Lirius","og_description":"O Ora-Pro-N\u00f3bis \u00e9 um dos nossos produtos naturais mais procurados, feito a partir de uma planta rica em ferro, prote\u00ednas, c\u00e1lcio, zinco e vitaminas. Ele ajuda a fortalecer o corpo, equilibrar a alimenta\u00e7\u00e3o e cuidar da sa\u00fade de forma pr\u00e1tica.  Promo\u00e7\u00e3o Especial Ora-Pro-N\u00f3bis! Aproveite os benef\u00edcios desse superalimento com ofertas exclusivas:  1 UNIDADE","og_url":"https:\/\/agenciavicco.com.br\/Loja2\/produto\/ora-pro-nobis\/","og_site_name":"Lirius","article_modified_time":"2025-06-16T13:08:43+00:00","og_image":[{"width":1184,"height":1350,"url":"https:\/\/agenciavicco.com.br\/Loja2\/wp-content\/uploads\/2025\/06\/ora1.jpg","type":"image\/jpeg"}],"twitter_card":"summary_large_image","twitter_misc":{"Est. tempo de leitura":"1 minuto"},"schema":{"@context":"https:\/\/schema.org","@graph":[{"@type":"WebPage","@id":"https:\/\/agenciavicco.com.br\/Loja2\/produto\/ora-pro-nobis\/","url":"https:\/\/agenciavicco.com.br\/Loja2\/produto\/ora-pro-nobis\/","name":"Ora-Pro-N\u00f3bis - Lirius","isPartOf":{"@id":"https:\/\/agenciavicco.com.br\/Loja2\/#website"},"primaryImageOfPage":{"@id":"https:\/\/agenciavicco.com.br\/Loja2\/produto\/ora-pro-nobis\/#primaryimage"},"image":{"@id":"https:\/\/agenciavicco.com.br\/Loja2\/produto\/ora-pro-nobis\/#primaryimage"},"thumbnailUrl":"https:\/\/agenciavicco.com.br\/Loja2\/wp-content\/uploads\/2025\/06\/ora1.jpg","datePublished":"2025-06-06T01:49:06+00:00","dateModified":"2025-06-16T13:08:43+00:00","breadcrumb":{"@id":"https:\/\/agenciavicco.com.br\/Loja2\/produto\/ora-pro-nobis\/#breadcrumb"},"inLanguage":"pt-BR","potentialAction":[{"@type":"ReadAction","target":["https:\/\/agenciavicco.com.br\/Loja2\/produto\/ora-pro-nobis\/"]}]},{"@type":"ImageObject","inLanguage":"pt-BR","@id":"https:\/\/agenciavicco.com.br\/Loja2\/produto\/ora-pro-nobis\/#primaryimage","url":"https:\/\/agenciavicco.com.br\/Loja2\/wp-content\/uploads\/2025\/06\/ora1.jpg","contentUrl":"https:\/\/agenciavicco.com.br\/Loja2\/wp-content\/uploads\/2025\/06\/ora1.jpg","width":1184,"height":1350},{"@type":"BreadcrumbList","@id":"https:\/\/agenciavicco.com.br\/Loja2\/produto\/ora-pro-nobis\/#breadcrumb","itemListElement":[{"@type":"ListItem","position":1,"name":"In\u00edcio","item":"https:\/\/agenciavicco.com.br\/Loja2\/"},{"@type":"ListItem","position":2,"name":"Loja","item":"https:\/\/agenciavicco.com.br\/Loja2\/loja\/"},{"@type":"ListItem","position":3,"name":"Ora-Pro-N\u00f3bis"}]},{"@type":"WebSite","@id":"https:\/\/agenciavicco.com.br\/Loja2\/#website","url":"https:\/\/agenciavicco.com.br\/Loja2\/","name":"Lirius","description":"Suplementos","potentialAction":[{"@type":"SearchAction","target":{"@type":"EntryPoint","urlTemplate":"https:\/\/agenciavicco.com.br\/Loja2\/?s={search_term_string}"},"query-input":{"@type":"PropertyValueSpecification","valueRequired":true,"valueName":"search_term_string"}}],"inLanguage":"pt-BR"}]}},"_links":{"self":[{"href":"https:\/\/agenciavicco.com.br\/Loja2\/wp-json\/wp\/v2\/product\/9315","targetHints":{"allow":["GET"]}}],"collection":[{"href":"https:\/\/agenciavicco.com.br\/Loja2\/wp-json\/wp\/v2\/product"}],"about":[{"href":"https:\/\/agenciavicco.com.br\/Loja2\/wp-json\/wp\/v2\/types\/product"}],"replies":[{"embeddable":true,"href":"https:\/\/agenciavicco.com.br\/Loja2\/wp-json\/wp\/v2\/comments?post=9315"}],"version-history":[{"count":10,"href":"https:\/\/agenciavicco.com.br\/Loja2\/wp-json\/wp\/v2\/product\/9315\/revisions"}],"predecessor-version":[{"id":9521,"href":"https:\/\/agenciavicco.com.br\/Loja2\/wp-json\/wp\/v2\/product\/9315\/revisions\/9521"}],"wp:featuredmedia":[{"embeddable":true,"href":"https:\/\/agenciavicco.com.br\/Loja2\/wp-json\/wp\/v2\/media\/9735"}],"wp:attachment":[{"href":"https:\/\/agenciavicco.com.br\/Loja2\/wp-json\/wp\/v2\/media?parent=9315"}],"wp:term":[{"taxonomy":"product_brand","embeddable":true,"href":"https:\/\/agenciavicco.com.br\/Loja2\/wp-json\/wp\/v2\/product_brand?post=9315"},{"taxonomy":"product_cat","embeddable":true,"href":"https:\/\/agenciavicco.com.br\/Loja2\/wp-json\/wp\/v2\/product_cat?post=9315"},{"taxonomy":"product_tag","embeddable":true,"href":"https:\/\/agenciavicco.com.br\/Loja2\/wp-json\/wp\/v2\/product_tag?post=9315"}],"curies":[{"name":"wp","href":"https:\/\/api.w.org\/{rel}","templated":true}]}}